{"id":15,"date":"2020-04-06T22:28:51","date_gmt":"2020-04-06T20:28:51","guid":{"rendered":"https:\/\/fred27.fr\/?page_id=15"},"modified":"2020-04-10T08:33:55","modified_gmt":"2020-04-10T06:33:55","slug":"lampe-vero","status":"publish","type":"page","link":"https:\/\/fred27.fr\/index.php\/lampes\/lampe-vero\/","title":{"rendered":"Lampe V\u00e9ro"},"content":{"rendered":"\n<p>La lampe de table\u2014mod\u00e8le V\u00e9ro fait suite \u00e0 la proposition de V\u00e9ro : <br>\u2018\u2019 Fred, il faut que tu nous fasses une lampe de table.\u2018\u2019 <br>L\u00e9g\u00e8re, facile \u00e0 transporter et d\u00e9placer avec son anse, avec plus de 4 heures d\u2019autonomie, la lampe de table\u2014mod\u00e8le V\u00e9ro sera un rep\u00e8re lumineux pour vos soir\u00e9es d\u2019\u00e9t\u00e9.<\/p>\n\n\n\n<figure class=\"wp-block-image size-large\"><img loading=\"lazy\" decoding=\"async\" width=\"1024\" height=\"768\" src=\"https:\/\/fred27.fr\/wp-content\/uploads\/2020\/04\/IMG_3603-1024x768.jpg\" alt=\"\" class=\"wp-image-70\" srcset=\"https:\/\/fred27.fr\/wp-content\/uploads\/2020\/04\/IMG_3603-1024x768.jpg 1024w, https:\/\/fred27.fr\/wp-content\/uploads\/2020\/04\/IMG_3603-300x225.jpg 300w, https:\/\/fred27.fr\/wp-content\/uploads\/2020\/04\/IMG_3603-768x576.jpg 768w, https:\/\/fred27.fr\/wp-content\/uploads\/2020\/04\/IMG_3603-1568x1176.jpg 1568w\" sizes=\"auto, (max-width: 1024px) 100vw, 1024px\" \/><figcaption>La lampe &#8211; mod\u00e8le V\u00e9ro, et le mod\u00e8le V\u00e9ro plus<\/figcaption><\/figure>\n\n\n\n<figure class=\"wp-block-gallery columns-2 is-cropped wp-block-gallery-1 is-layout-flex wp-block-gallery-is-layout-flex\"><ul class=\"blocks-gallery-grid\"><li class=\"blocks-gallery-item\"><figure><img loading=\"lazy\" decoding=\"async\" width=\"1024\" height=\"857\" src=\"https:\/\/fred27.fr\/wp-content\/uploads\/2020\/04\/IMG_0521_r.jpg\" alt=\"\" data-id=\"247\" data-full-url=\"https:\/\/fred27.fr\/wp-content\/uploads\/2020\/04\/IMG_0521_r.jpg\" data-link=\"https:\/\/fred27.fr\/index.php\/lampes\/lampe-vero\/img_0521_r\/\" class=\"wp-image-247\" srcset=\"https:\/\/fred27.fr\/wp-content\/uploads\/2020\/04\/IMG_0521_r.jpg 1024w, https:\/\/fred27.fr\/wp-content\/uploads\/2020\/04\/IMG_0521_r-300x251.jpg 300w, https:\/\/fred27.fr\/wp-content\/uploads\/2020\/04\/IMG_0521_r-768x643.jpg 768w\" sizes=\"auto, (max-width: 1024px) 100vw, 1024px\" \/><\/figure><\/li><li class=\"blocks-gallery-item\"><figure><img loading=\"lazy\" decoding=\"async\" width=\"1024\" height=\"770\" src=\"https:\/\/fred27.fr\/wp-content\/uploads\/2020\/04\/IMG_0513_r-1.jpg\" alt=\"\" data-id=\"249\" data-full-url=\"https:\/\/fred27.fr\/wp-content\/uploads\/2020\/04\/IMG_0513_r-1.jpg\" data-link=\"https:\/\/fred27.fr\/img_0513_r-2\/\" class=\"wp-image-249\" srcset=\"https:\/\/fred27.fr\/wp-content\/uploads\/2020\/04\/IMG_0513_r-1.jpg 1024w, https:\/\/fred27.fr\/wp-content\/uploads\/2020\/04\/IMG_0513_r-1-300x226.jpg 300w, https:\/\/fred27.fr\/wp-content\/uploads\/2020\/04\/IMG_0513_r-1-768x578.jpg 768w\" sizes=\"auto, (max-width: 1024px) 100vw, 1024px\" \/><figcaption class=\"blocks-gallery-item__caption\">Plus de 5 heures d&rsquo;autonomie<\/figcaption><\/figure><\/li><\/ul><\/figure>\n\n\n\n<figure class=\"wp-block-image size-large\"><img loading=\"lazy\" decoding=\"async\" width=\"1024\" height=\"768\" src=\"https:\/\/fred27.fr\/wp-content\/uploads\/2020\/04\/IMG_3232-1-1024x768.jpg\" alt=\"\" class=\"wp-image-134\" srcset=\"https:\/\/fred27.fr\/wp-content\/uploads\/2020\/04\/IMG_3232-1-1024x768.jpg 1024w, https:\/\/fred27.fr\/wp-content\/uploads\/2020\/04\/IMG_3232-1-300x225.jpg 300w, https:\/\/fred27.fr\/wp-content\/uploads\/2020\/04\/IMG_3232-1-768x576.jpg 768w, https:\/\/fred27.fr\/wp-content\/uploads\/2020\/04\/IMG_3232-1-1536x1152.jpg 1536w, https:\/\/fred27.fr\/wp-content\/uploads\/2020\/04\/IMG_3232-1-2048x1536.jpg 2048w, https:\/\/fred27.fr\/wp-content\/uploads\/2020\/04\/IMG_3232-1-1200x900.jpg 1200w, https:\/\/fred27.fr\/wp-content\/uploads\/2020\/04\/IMG_3232-1-1980x1485.jpg 1980w\" sizes=\"auto, (max-width: 1024px) 100vw, 1024px\" \/><figcaption>Interrupteur et prise USB pour recharge<\/figcaption><\/figure>\n\n\n\n<figure class=\"wp-block-image size-large\"><img loading=\"lazy\" decoding=\"async\" width=\"1024\" height=\"768\" src=\"https:\/\/fred27.fr\/wp-content\/uploads\/2020\/04\/IMG_3233-1-1024x768.jpg\" alt=\"\" class=\"wp-image-132\" srcset=\"https:\/\/fred27.fr\/wp-content\/uploads\/2020\/04\/IMG_3233-1-1024x768.jpg 1024w, https:\/\/fred27.fr\/wp-content\/uploads\/2020\/04\/IMG_3233-1-300x225.jpg 300w, https:\/\/fred27.fr\/wp-content\/uploads\/2020\/04\/IMG_3233-1-768x576.jpg 768w, https:\/\/fred27.fr\/wp-content\/uploads\/2020\/04\/IMG_3233-1-1536x1152.jpg 1536w, https:\/\/fred27.fr\/wp-content\/uploads\/2020\/04\/IMG_3233-1-2048x1536.jpg 2048w, https:\/\/fred27.fr\/wp-content\/uploads\/2020\/04\/IMG_3233-1-1200x900.jpg 1200w, https:\/\/fred27.fr\/wp-content\/uploads\/2020\/04\/IMG_3233-1-1980x1485.jpg 1980w\" sizes=\"auto, (max-width: 1024px) 100vw, 1024px\" \/><figcaption>T\u00e9moin rouge en charge<\/figcaption><\/figure>\n\n\n\n<figure class=\"wp-block-image size-large\"><img loading=\"lazy\" decoding=\"async\" width=\"1024\" height=\"768\" src=\"https:\/\/fred27.fr\/wp-content\/uploads\/2020\/04\/IMG_3234-1-1024x768.jpg\" alt=\"\" class=\"wp-image-133\" srcset=\"https:\/\/fred27.fr\/wp-content\/uploads\/2020\/04\/IMG_3234-1-1024x768.jpg 1024w, https:\/\/fred27.fr\/wp-content\/uploads\/2020\/04\/IMG_3234-1-300x225.jpg 300w, https:\/\/fred27.fr\/wp-content\/uploads\/2020\/04\/IMG_3234-1-768x576.jpg 768w, https:\/\/fred27.fr\/wp-content\/uploads\/2020\/04\/IMG_3234-1-1536x1152.jpg 1536w, https:\/\/fred27.fr\/wp-content\/uploads\/2020\/04\/IMG_3234-1-2048x1536.jpg 2048w, https:\/\/fred27.fr\/wp-content\/uploads\/2020\/04\/IMG_3234-1-1200x900.jpg 1200w, https:\/\/fred27.fr\/wp-content\/uploads\/2020\/04\/IMG_3234-1-1980x1485.jpg 1980w\" sizes=\"auto, (max-width: 1024px) 100vw, 1024px\" \/><figcaption>T\u00e9moin vert ou bleu quand c&rsquo;est charg\u00e9<\/figcaption><\/figure>\n\n\n\n<p><br><br><div class=\"menu-menu_lampes-container\"><ul id=\"short_menu_69ec8e8063c29\" class=\"shortcode_menu  wpsm-menu wpsm-vertical menu_enhance  \"><li id=\"menu-item-193\" class=\"menu-item menu-item-type-post_type menu-item-object-page menu-item-193\"><a href=\"https:\/\/fred27.fr\/index.php\/lampes\/lampe-vero\/\">Lampe V\u00e9ro<\/a><\/li>\n<li id=\"menu-item-190\" class=\"menu-item menu-item-type-post_type menu-item-object-page menu-item-190\"><a href=\"https:\/\/fred27.fr\/index.php\/lampes\/lampe-thomas\/\">Lampe Thomas<\/a><\/li>\n<li id=\"menu-item-192\" class=\"menu-item menu-item-type-post_type menu-item-object-page menu-item-192\"><a href=\"https:\/\/fred27.fr\/index.php\/lampes\/lustre-bouquet\/\">Lustre bouquet<\/a><\/li>\n<li id=\"menu-item-191\" class=\"menu-item menu-item-type-post_type menu-item-object-page menu-item-191\"><a href=\"https:\/\/fred27.fr\/index.php\/lampes\/lustre-sylvie\/\">Lustre Sylvie<\/a><\/li>\n<li id=\"menu-item-189\" class=\"menu-item menu-item-type-post_type menu-item-object-page menu-item-189\"><a href=\"https:\/\/fred27.fr\/index.php\/lampes\/lustre-coussin\/\">Lustre Coussin<\/a><\/li>\n<li id=\"menu-item-273\" class=\"menu-item menu-item-type-post_type menu-item-object-page menu-item-273\"><a href=\"https:\/\/fred27.fr\/index.php\/lampes\/applique-thomas\/\">Applique Thomas<\/a><\/li>\n<\/ul><\/div><div class=\"clear\"><\/div>\n\t\t\t<style>\n\t\t\t\t#short_menu_69ec8e8063c29 {  }\n\t\t\t\t#short_menu_69ec8e8063c29 ul.wpsm-arrow-enabled:before { color:rgba(0,0,0,0.8); } \n\t\t\t\t#short_menu_69ec8e8063c29 ul, #short_menu_69ec8e8063c29 ul ul { background: rgba(0,0,0,0.8); }\n\t\t\t\t#short_menu_69ec8e8063c29 a {  }\n\t\t\t\t#short_menu_69ec8e8063c29 a:hover {  }\n\t\t\t\t#short_menu_69ec8e8063c29 ul a { color:#e0e0e0;  }\n\t\t\t\t#short_menu_69ec8e8063c29 ul a:hover { color:#ffffff;  }\n\t\t\t\t\n\t\t\t<\/style>\n\t\t\t<script type=\"text\/javascript\">\n\t\t\t\tvar show_arrow = \"true\";<\/script><\/p>\n","protected":false},"excerpt":{"rendered":"<p>La lampe de table\u2014mod\u00e8le V\u00e9ro fait suite \u00e0 la proposition de V\u00e9ro : \u2018\u2019 Fred, il faut que tu nous fasses une lampe de table.\u2018\u2019 L\u00e9g\u00e8re, facile \u00e0 transporter et d\u00e9placer avec son anse, avec plus de 4 heures d\u2019autonomie, la lampe de table\u2014mod\u00e8le V\u00e9ro sera un rep\u00e8re lumineux pour vos soir\u00e9es d\u2019\u00e9t\u00e9.<\/p>\n","protected":false},"author":8,"featured_media":0,"parent":101,"menu_order":0,"comment_status":"closed","ping_status":"open","template":"","meta":{"footnotes":""},"class_list":["post-15","page","type-page","status-publish","hentry"],"_links":{"self":[{"href":"https:\/\/fred27.fr\/index.php\/wp-json\/wp\/v2\/pages\/15","targetHints":{"allow":["GET"]}}],"collection":[{"href":"https:\/\/fred27.fr\/index.php\/wp-json\/wp\/v2\/pages"}],"about":[{"href":"https:\/\/fred27.fr\/index.php\/wp-json\/wp\/v2\/types\/page"}],"author":[{"embeddable":true,"href":"https:\/\/fred27.fr\/index.php\/wp-json\/wp\/v2\/users\/8"}],"replies":[{"embeddable":true,"href":"https:\/\/fred27.fr\/index.php\/wp-json\/wp\/v2\/comments?post=15"}],"version-history":[{"count":7,"href":"https:\/\/fred27.fr\/index.php\/wp-json\/wp\/v2\/pages\/15\/revisions"}],"predecessor-version":[{"id":251,"href":"https:\/\/fred27.fr\/index.php\/wp-json\/wp\/v2\/pages\/15\/revisions\/251"}],"up":[{"embeddable":true,"href":"https:\/\/fred27.fr\/index.php\/wp-json\/wp\/v2\/pages\/101"}],"wp:attachment":[{"href":"https:\/\/fred27.fr\/index.php\/wp-json\/wp\/v2\/media?parent=15"}],"curies":[{"name":"wp","href":"https:\/\/api.w.org\/{rel}","templated":true}]}}